{"id":52984,"date":"2026-03-18T00:00:00","date_gmt":"2026-03-18T00:00:00","guid":{"rendered":"http:\/\/www.sabimmo.eu\/?post_type=estate&#038;p=52984"},"modified":"2026-05-02T03:02:49","modified_gmt":"2026-05-02T01:02:49","slug":"appartement-schaerbeek-7618592","status":"publish","type":"estate","link":"https:\/\/www.sabimmo.eu\/fr\/properties\/apartment-fr\/bruxelles\/appartement-schaerbeek-7618592\/","title":{"rendered":"Appartement \u00e0 vendre &#8211; Schaerbeek (7618592)"},"content":{"rendered":"<p>Situ\u00e9 au 6\u1d49 \u00e9tage d\u2019une copropri\u00e9t\u00e9 soigneusement entretenue de 8 \u00e9tages, cet appartement lumineux et spacieux allie confort, modernit\u00e9 et fonctionnalit\u00e9. Id\u00e9al pour une famille ou un investissement de qualit\u00e9, il b\u00e9n\u00e9ficie d\u2019un emplacement privil\u00e9gi\u00e9, \u00e0 proximit\u00e9 imm\u00e9diate des transports en commun, des grands axes routiers, des \u00e9coles et de nombreux magasins et restaurants.<\/p>\n<p>D\u00e8s l\u2019entr\u00e9e, vous serez accueilli par un hall lumineux de \u00b18 m\u00b2 donnant sur un s\u00e9jour g\u00e9n\u00e9reux de \u00b132 m\u00b2, parfait pour vos moments de d\u00e9tente ou vos repas en famille. La cuisine, enti\u00e8rement r\u00e9nov\u00e9e et \u00e9quip\u00e9e en 2018 (\u00b111 m\u00b2), offre tout le confort n\u00e9cessaire pour cuisiner et recevoir vos invit\u00e9s. Un WC s\u00e9par\u00e9 compl\u00e8te cette partie jour.<\/p>\n<p>La partie nuit est tout aussi agr\u00e9able : un hall de nuit dessert deux belles chambres de \u00b110 m\u00b2 et \u00b112 m\u00b2, id\u00e9ales pour enfants, bureau ou invit\u00e9s, ainsi qu\u2019une salle de bain de \u00b15 m\u00b2. Vous pourrez profiter d\u2019une terrasse privative de \u00b16 m\u00b2, parfaite pour vos petits-d\u00e9jeuners ensoleill\u00e9s ou vos soir\u00e9es d\u2019\u00e9t\u00e9.<\/p>\n<p>L&#8217;appartement est complet\u00e9 par une cave privative et un garage box int\u00e9rieur s\u00e9curis\u00e9, offrant confort et tranquillit\u00e9.<\/p>\n<p>Cet appartement combine luminosit\u00e9, confort, praticit\u00e9 et emplacement strat\u00e9gique, le tout dans un cadre calme et s\u00e9curis\u00e9. Une opportunit\u00e9 rare \u00e0 ne pas manquer ! <\/p>\n<p>PEB : C. Possibilit\u00e9 d&#8217;acheter un garage box<\/p>\n<p>Visites et informations 7j\/7 par mail ou par t\u00e9l\u00e9phone : sabine@sabimmo.eu &#8211; +32 476 42 90 22<\/p>\n","protected":false},"excerpt":{"rendered":"<p>Situ\u00e9 au 6\u1d49 \u00e9tage d\u2019une copropri\u00e9t\u00e9 soigneusement entretenue de 8 \u00e9tages, cet appartement lumineux et spacieux allie confort, modernit\u00e9 et fonctionnalit\u00e9. Id\u00e9al pour une famille ou un investissement de qualit\u00e9, il b\u00e9n\u00e9ficie d\u2019un emplacement privil\u00e9gi\u00e9, \u00e0 proximit\u00e9 imm\u00e9diate des transports en commun, des grands axes routiers, des \u00e9coles et de nombreux magasins et restaurants. D\u00e8s [&hellip;]<\/p>\n","protected":false},"author":13,"featured_media":52987,"template":"","class_list":["post-52984","estate","type-estate","status-publish","has-post-thumbnail","hentry","property-type-apartment-fr","offer-type-sale-fr","city-bruxelles","zip-code-1148","features-elevator"],"acf":[],"yoast_head":"<!-- This site is optimized with the Yoast SEO plugin v27.5 - https:\/\/yoast.com\/product\/yoast-seo-wordpress\/ -->\n<title>Appartement \u00e0 vendre - Schaerbeek (7618592) - Sabimmo<\/title>\n<meta name=\"robots\" content=\"index, follow, max-snippet:-1, max-image-preview:large, max-video-preview:-1\" \/>\n<link rel=\"canonical\" href=\"https:\/\/www.sabimmo.eu\/\/fr\/wp-json\/wp\/v2\/estate\/52984\" \/>\n<meta property=\"og:locale\" content=\"fr_FR\" \/>\n<meta property=\"og:type\" content=\"article\" \/>\n<meta property=\"og:title\" content=\"Appartement \u00e0 vendre - Schaerbeek (7618592) - Sabimmo\" \/>\n<meta property=\"og:description\" content=\"Situ\u00e9 au 6\u1d49 \u00e9tage d\u2019une copropri\u00e9t\u00e9 soigneusement entretenue de 8 \u00e9tages, cet appartement lumineux et spacieux allie confort, modernit\u00e9 et fonctionnalit\u00e9. Id\u00e9al pour une famille ou un investissement de qualit\u00e9, il b\u00e9n\u00e9ficie d\u2019un emplacement privil\u00e9gi\u00e9, \u00e0 proximit\u00e9 imm\u00e9diate des transports en commun, des grands axes routiers, des \u00e9coles et de nombreux magasins et restaurants. D\u00e8s [&hellip;]\" \/>\n<meta property=\"og:url\" content=\"https:\/\/www.sabimmo.eu\/fr\/properties\/apartment-fr\/bruxelles\/appartement-schaerbeek-7618592\/\" \/>\n<meta property=\"og:site_name\" content=\"Sabimmo\" \/>\n<meta property=\"article:modified_time\" content=\"2026-05-02T01:02:49+00:00\" \/>\n<meta property=\"og:image\" content=\"https:\/\/www.sabimmo.eu\/wp-content\/uploads\/2026\/03\/622c3d5265e948f59d1d93b4e0b768cb-scaled.jpg\" \/>\n\t<meta property=\"og:image:width\" content=\"1200\" \/>\n\t<meta property=\"og:image:height\" content=\"800\" \/>\n\t<meta property=\"og:image:type\" content=\"image\/jpeg\" \/>\n<meta name=\"twitter:card\" content=\"summary_large_image\" \/>\n<meta name=\"twitter:label1\" content=\"Dur\u00e9e de lecture estim\u00e9e\" \/>\n\t<meta name=\"twitter:data1\" content=\"1 minute\" \/>\n<script type=\"application\/ld+json\" class=\"yoast-schema-graph\">{\"@context\":\"https:\\\/\\\/schema.org\",\"@graph\":[{\"@type\":\"WebPage\",\"@id\":\"https:\\\/\\\/www.sabimmo.eu\\\/fr\\\/properties\\\/apartment-fr\\\/bruxelles\\\/appartement-schaerbeek-7618592\\\/\",\"url\":\"https:\\\/\\\/www.sabimmo.eu\\\/fr\\\/properties\\\/apartment-fr\\\/bruxelles\\\/appartement-schaerbeek-7618592\\\/\",\"name\":\"Appartement \u00e0 vendre - Schaerbeek (7618592) - Sabimmo\",\"isPartOf\":{\"@id\":\"https:\\\/\\\/www.sabimmo.eu\\\/fr\\\/#website\"},\"primaryImageOfPage\":{\"@id\":\"https:\\\/\\\/www.sabimmo.eu\\\/fr\\\/properties\\\/apartment-fr\\\/bruxelles\\\/appartement-schaerbeek-7618592\\\/#primaryimage\"},\"image\":{\"@id\":\"https:\\\/\\\/www.sabimmo.eu\\\/fr\\\/properties\\\/apartment-fr\\\/bruxelles\\\/appartement-schaerbeek-7618592\\\/#primaryimage\"},\"thumbnailUrl\":\"https:\\\/\\\/www.sabimmo.eu\\\/wp-content\\\/uploads\\\/2026\\\/03\\\/622c3d5265e948f59d1d93b4e0b768cb-scaled.jpg\",\"datePublished\":\"2026-03-18T00:00:00+00:00\",\"dateModified\":\"2026-05-02T01:02:49+00:00\",\"breadcrumb\":{\"@id\":\"https:\\\/\\\/www.sabimmo.eu\\\/fr\\\/properties\\\/apartment-fr\\\/bruxelles\\\/appartement-schaerbeek-7618592\\\/#breadcrumb\"},\"inLanguage\":\"fr-FR\",\"potentialAction\":[{\"@type\":\"ReadAction\",\"target\":[\"https:\\\/\\\/www.sabimmo.eu\\\/fr\\\/properties\\\/apartment-fr\\\/bruxelles\\\/appartement-schaerbeek-7618592\\\/\"]}]},{\"@type\":\"ImageObject\",\"inLanguage\":\"fr-FR\",\"@id\":\"https:\\\/\\\/www.sabimmo.eu\\\/fr\\\/properties\\\/apartment-fr\\\/bruxelles\\\/appartement-schaerbeek-7618592\\\/#primaryimage\",\"url\":\"https:\\\/\\\/www.sabimmo.eu\\\/wp-content\\\/uploads\\\/2026\\\/03\\\/622c3d5265e948f59d1d93b4e0b768cb-scaled.jpg\",\"contentUrl\":\"https:\\\/\\\/www.sabimmo.eu\\\/wp-content\\\/uploads\\\/2026\\\/03\\\/622c3d5265e948f59d1d93b4e0b768cb-scaled.jpg\",\"width\":1200,\"height\":800},{\"@type\":\"BreadcrumbList\",\"@id\":\"https:\\\/\\\/www.sabimmo.eu\\\/fr\\\/properties\\\/apartment-fr\\\/bruxelles\\\/appartement-schaerbeek-7618592\\\/#breadcrumb\",\"itemListElement\":[{\"@type\":\"ListItem\",\"position\":1,\"name\":\"Accueil\",\"item\":\"https:\\\/\\\/www.sabimmo.eu\\\/fr\\\/\"},{\"@type\":\"ListItem\",\"position\":2,\"name\":\"Propri\u00e9t\u00e9s\",\"item\":\"https:\\\/\\\/www.sabimmo.eu\\\/fr\\\/properties\\\/\"},{\"@type\":\"ListItem\",\"position\":3,\"name\":\"Appartement \u00e0 vendre &#8211; Schaerbeek (7618592)\"}]},{\"@type\":\"WebSite\",\"@id\":\"https:\\\/\\\/www.sabimmo.eu\\\/fr\\\/#website\",\"url\":\"https:\\\/\\\/www.sabimmo.eu\\\/fr\\\/\",\"name\":\"Sabimmo\",\"description\":\"Expertises, ventes, locations, gestion et conseils immobiliers\",\"alternateName\":\"Sabimmo\",\"potentialAction\":[{\"@type\":\"SearchAction\",\"target\":{\"@type\":\"EntryPoint\",\"urlTemplate\":\"https:\\\/\\\/www.sabimmo.eu\\\/fr\\\/?s={search_term_string}\"},\"query-input\":{\"@type\":\"PropertyValueSpecification\",\"valueRequired\":true,\"valueName\":\"search_term_string\"}}],\"inLanguage\":\"fr-FR\"}]}<\/script>\n<!-- \/ Yoast SEO plugin. -->","yoast_head_json":{"title":"Appartement \u00e0 vendre - Schaerbeek (7618592) - Sabimmo","robots":{"index":"index","follow":"follow","max-snippet":"max-snippet:-1","max-image-preview":"max-image-preview:large","max-video-preview":"max-video-preview:-1"},"canonical":"https:\/\/www.sabimmo.eu\/\/fr\/wp-json\/wp\/v2\/estate\/52984","og_locale":"fr_FR","og_type":"article","og_title":"Appartement \u00e0 vendre - Schaerbeek (7618592) - Sabimmo","og_description":"Situ\u00e9 au 6\u1d49 \u00e9tage d\u2019une copropri\u00e9t\u00e9 soigneusement entretenue de 8 \u00e9tages, cet appartement lumineux et spacieux allie confort, modernit\u00e9 et fonctionnalit\u00e9. Id\u00e9al pour une famille ou un investissement de qualit\u00e9, il b\u00e9n\u00e9ficie d\u2019un emplacement privil\u00e9gi\u00e9, \u00e0 proximit\u00e9 imm\u00e9diate des transports en commun, des grands axes routiers, des \u00e9coles et de nombreux magasins et restaurants. D\u00e8s [&hellip;]","og_url":"https:\/\/www.sabimmo.eu\/fr\/properties\/apartment-fr\/bruxelles\/appartement-schaerbeek-7618592\/","og_site_name":"Sabimmo","article_modified_time":"2026-05-02T01:02:49+00:00","og_image":[{"width":1200,"height":800,"url":"https:\/\/www.sabimmo.eu\/wp-content\/uploads\/2026\/03\/622c3d5265e948f59d1d93b4e0b768cb-scaled.jpg","type":"image\/jpeg"}],"twitter_card":"summary_large_image","twitter_misc":{"Dur\u00e9e de lecture estim\u00e9e":"1 minute"},"schema":{"@context":"https:\/\/schema.org","@graph":[{"@type":"WebPage","@id":"https:\/\/www.sabimmo.eu\/fr\/properties\/apartment-fr\/bruxelles\/appartement-schaerbeek-7618592\/","url":"https:\/\/www.sabimmo.eu\/fr\/properties\/apartment-fr\/bruxelles\/appartement-schaerbeek-7618592\/","name":"Appartement \u00e0 vendre - Schaerbeek (7618592) - Sabimmo","isPartOf":{"@id":"https:\/\/www.sabimmo.eu\/fr\/#website"},"primaryImageOfPage":{"@id":"https:\/\/www.sabimmo.eu\/fr\/properties\/apartment-fr\/bruxelles\/appartement-schaerbeek-7618592\/#primaryimage"},"image":{"@id":"https:\/\/www.sabimmo.eu\/fr\/properties\/apartment-fr\/bruxelles\/appartement-schaerbeek-7618592\/#primaryimage"},"thumbnailUrl":"https:\/\/www.sabimmo.eu\/wp-content\/uploads\/2026\/03\/622c3d5265e948f59d1d93b4e0b768cb-scaled.jpg","datePublished":"2026-03-18T00:00:00+00:00","dateModified":"2026-05-02T01:02:49+00:00","breadcrumb":{"@id":"https:\/\/www.sabimmo.eu\/fr\/properties\/apartment-fr\/bruxelles\/appartement-schaerbeek-7618592\/#breadcrumb"},"inLanguage":"fr-FR","potentialAction":[{"@type":"ReadAction","target":["https:\/\/www.sabimmo.eu\/fr\/properties\/apartment-fr\/bruxelles\/appartement-schaerbeek-7618592\/"]}]},{"@type":"ImageObject","inLanguage":"fr-FR","@id":"https:\/\/www.sabimmo.eu\/fr\/properties\/apartment-fr\/bruxelles\/appartement-schaerbeek-7618592\/#primaryimage","url":"https:\/\/www.sabimmo.eu\/wp-content\/uploads\/2026\/03\/622c3d5265e948f59d1d93b4e0b768cb-scaled.jpg","contentUrl":"https:\/\/www.sabimmo.eu\/wp-content\/uploads\/2026\/03\/622c3d5265e948f59d1d93b4e0b768cb-scaled.jpg","width":1200,"height":800},{"@type":"BreadcrumbList","@id":"https:\/\/www.sabimmo.eu\/fr\/properties\/apartment-fr\/bruxelles\/appartement-schaerbeek-7618592\/#breadcrumb","itemListElement":[{"@type":"ListItem","position":1,"name":"Accueil","item":"https:\/\/www.sabimmo.eu\/fr\/"},{"@type":"ListItem","position":2,"name":"Propri\u00e9t\u00e9s","item":"https:\/\/www.sabimmo.eu\/fr\/properties\/"},{"@type":"ListItem","position":3,"name":"Appartement \u00e0 vendre &#8211; Schaerbeek (7618592)"}]},{"@type":"WebSite","@id":"https:\/\/www.sabimmo.eu\/fr\/#website","url":"https:\/\/www.sabimmo.eu\/fr\/","name":"Sabimmo","description":"Expertises, ventes, locations, gestion et conseils immobiliers","alternateName":"Sabimmo","potentialAction":[{"@type":"SearchAction","target":{"@type":"EntryPoint","urlTemplate":"https:\/\/www.sabimmo.eu\/fr\/?s={search_term_string}"},"query-input":{"@type":"PropertyValueSpecification","valueRequired":true,"valueName":"search_term_string"}}],"inLanguage":"fr-FR"}]}},"_links":{"self":[{"href":"https:\/\/www.sabimmo.eu\/fr\/wp-json\/wp\/v2\/estate\/52984","targetHints":{"allow":["GET"]}}],"collection":[{"href":"https:\/\/www.sabimmo.eu\/fr\/wp-json\/wp\/v2\/estate"}],"about":[{"href":"https:\/\/www.sabimmo.eu\/fr\/wp-json\/wp\/v2\/types\/estate"}],"author":[{"embeddable":true,"href":"https:\/\/www.sabimmo.eu\/fr\/wp-json\/wp\/v2\/users\/13"}],"wp:featuredmedia":[{"embeddable":true,"href":"https:\/\/www.sabimmo.eu\/fr\/wp-json\/wp\/v2\/media\/52987"}],"wp:attachment":[{"href":"https:\/\/www.sabimmo.eu\/fr\/wp-json\/wp\/v2\/media?parent=52984"}],"curies":[{"name":"wp","href":"https:\/\/api.w.org\/{rel}","templated":true}]}}