{"id":50537,"date":"2025-12-12T00:00:00","date_gmt":"2025-12-12T00:00:00","guid":{"rendered":"http:\/\/www.sabimmo.eu\/?post_type=estate&#038;p=50537"},"modified":"2026-05-01T01:02:49","modified_gmt":"2026-04-30T23:02:49","slug":"maison-a-vendre-auderghem-7307780","status":"publish","type":"estate","link":"https:\/\/www.sabimmo.eu\/fr\/properties\/house-fr\/bruxelles\/maison-a-vendre-auderghem-7307780\/","title":{"rendered":"Maison \u00e0 vendre &#8211; Auderghem (7307780)"},"content":{"rendered":"<p style=\"font-weight: 400\"><strong>Maison d\u2019architecte moderne et atypique face au Rouge-Clo\u00eetre<\/strong><\/p>\n<p style=\"font-weight: 400\">Nich\u00e9e dans un \u00e9crin de verdure \u00e0<span> <\/span><strong>Auderghem<\/strong>, cette<span> <\/span><strong>maison d\u2019architecte de style moderniste<\/strong><span> <\/span>vous s\u00e9duira par son architecture unique, ses volumes g\u00e9n\u00e9reux et sa vue spectaculaire sur le<span> <\/span><strong>parc du Rouge-Clo\u00eetre<\/strong>. Un bien rare, conjuguant confort, lumi\u00e8re et nature \u00e0 seulement quelques minutes du centre-ville de Bruxelles.<\/p>\n<p style=\"font-weight: 400\">Implant\u00e9e sur un terrain orient\u00e9<span> <\/span><strong>plein Sud<\/strong><span> <\/span>de<span> <\/span><strong>6 ares 43<\/strong>, cette<span> <\/span><strong>villa d\u2019exception de \u00b1 400 m\u00b2<\/strong><span> <\/span>vous offre des espaces de vie ouverts et baign\u00e9s de lumi\u00e8re, avec un<span> <\/span><strong>acc\u00e8s priv\u00e9 au parc<\/strong>. La propri\u00e9t\u00e9 dispose de<span> <\/span><strong>4 chambres<\/strong>,<span> <\/span><strong>2 salles de bains<\/strong>, un<span> <\/span><strong>bureau<\/strong>, et une<span> <\/span><strong>salle polyvalente de 75 m\u00b2<\/strong>, id\u00e9ale pour un atelier, un espace artistique ou une salle de loisirs.<\/p>\n<p style=\"font-weight: 400\">D\u00e8s l\u2019<strong>entr\u00e9e<\/strong>, vous serez accueilli par un<span> <\/span><strong>hall \u00e9l\u00e9gant<\/strong>, avec <strong>vestiaire et toilettes invit\u00e9s<\/strong>, menant \u00e0 un <strong>bureau modulable en deux parties<\/strong>. \u00c0 l\u2019\u00e9tage, la<span> <\/span><strong>r\u00e9ception en enfilade<\/strong><span> <\/span>se compose d\u2019un salon, d\u2019un coin TV avec<span> <\/span><strong>po\u00eale \u00e0 bois<\/strong>, et d\u2019une <strong>salle \u00e0 manger <\/strong>ouverte sur une<span> <\/span><strong>terrasse couverte<\/strong><span> <\/span>de 15 m\u00b2. La<span> <\/span><strong>cuisine super \u00e9quip\u00e9e<\/strong><span><strong> <\/strong><\/span>ravira les amateurs de gastronomie. <strong>2 chambres<\/strong> <strong>avec mezzanines<\/strong>, une <strong>salle de bains<\/strong> et des <strong>toilettes s\u00e9par\u00e9es<\/strong> compl\u00e8tent ce niveau.<\/p>\n<p style=\"font-weight: 400\">Le <strong>dernier \u00e9tage<\/strong> abrite une<span> <\/span><strong>suite parentale<\/strong><span> <\/span>avec<span> <\/span><strong>dressing<\/strong>,<span> <\/span><strong>salle de bains privative<\/strong><span><strong> <\/strong><\/span>(baignoire, douche, double vasque), <strong>toilette<\/strong> <strong>ind\u00e9pendante <\/strong>et <strong>nombreux rangements<\/strong>. Une <strong>quatri\u00e8me chambre ou salle de jeux<\/strong> avec acc\u00e8s \u00e0 un vaste<span> <\/span><strong>grenier de rangement<\/strong><span> <\/span>compl\u00e8te l\u2019\u00e9tage.<\/p>\n<p style=\"font-weight: 400\">Le<span> <\/span><strong>rez-de-jardin<\/strong><span> <\/span>comprend une<span> <\/span><strong>buanderie<\/strong>, une<span> <\/span><strong>cave<\/strong>, un<span> <\/span><strong>garage ferm\u00e9<\/strong>, la <strong>chaufferie<\/strong>, et une<span> <\/span><strong>impressionnante salle polyvalente de 75 m\u00b2<\/strong>, anciennement utilis\u00e9e comme studio photo.<\/p>\n<p style=\"font-weight: 400\">Construite en<span> <\/span><strong>1985<\/strong>, cette maison offre un <strong>\u00e9norme potentiel<\/strong>. Chauffage au <strong>gaz<\/strong> (<strong>chaudi\u00e8re<\/strong><span> <\/span><strong>Viessmann<\/strong>),<span> <\/span><strong>PEB F (290 kWh\/m\u00b2\/an)<\/strong>, \u00e9lectricit\u00e9 non conforme.<\/p>\n<p style=\"font-weight: 400\">Un bien \u00e0 la fois<span> <\/span><strong>rare et inspirant<\/strong>, \u00e0 d\u00e9couvrir sans tarder chez<span> <\/span><strong>Sabimmo<\/strong><span><strong> <\/strong><\/span><strong><br \/>Visites et renseignements 7 jours sur 7 au 0476 429 022<\/strong><\/p>\n<p style=\"font-weight: 400\">\n","protected":false},"excerpt":{"rendered":"<p>Maison d\u2019architecte moderne et atypique face au Rouge-Clo\u00eetre Nich\u00e9e dans un \u00e9crin de verdure \u00e0 Auderghem, cette maison d\u2019architecte de style moderniste vous s\u00e9duira par son architecture unique, ses volumes g\u00e9n\u00e9reux et sa vue spectaculaire sur le parc du Rouge-Clo\u00eetre. Un bien rare, conjuguant confort, lumi\u00e8re et nature \u00e0 seulement quelques minutes du centre-ville de [&hellip;]<\/p>\n","protected":false},"author":13,"featured_media":50543,"template":"","class_list":["post-50537","estate","type-estate","status-publish","has-post-thumbnail","hentry","property-type-house-fr","offer-type-sale-fr","city-bruxelles","zip-code-617","features-alarm","features-bureau","features-cellars","features-water-reservoir","features-kitchen","features-double-glass-windows","features-gas","features-attics","features-parking","features-nearby-highway","features-nearby-sport-center","features-nearby-shops","features-nearby-schools","features-nearby-public-transports","features-blinds","orientation-south","orientation-south-fr","orientation-south-nl"],"acf":[],"yoast_head":"<!-- This site is optimized with the Yoast SEO plugin v27.5 - https:\/\/yoast.com\/product\/yoast-seo-wordpress\/ -->\n<title>Maison \u00e0 vendre - Auderghem (7307780) - Sabimmo<\/title>\n<meta name=\"robots\" content=\"index, follow, max-snippet:-1, max-image-preview:large, max-video-preview:-1\" \/>\n<link rel=\"canonical\" href=\"https:\/\/www.sabimmo.eu\/\/fr\/wp-json\/wp\/v2\/estate\/50537\" \/>\n<meta property=\"og:locale\" content=\"fr_FR\" \/>\n<meta property=\"og:type\" content=\"article\" \/>\n<meta property=\"og:title\" content=\"Maison \u00e0 vendre - Auderghem (7307780) - Sabimmo\" \/>\n<meta property=\"og:description\" content=\"Maison d\u2019architecte moderne et atypique face au Rouge-Clo\u00eetre Nich\u00e9e dans un \u00e9crin de verdure \u00e0 Auderghem, cette maison d\u2019architecte de style moderniste vous s\u00e9duira par son architecture unique, ses volumes g\u00e9n\u00e9reux et sa vue spectaculaire sur le parc du Rouge-Clo\u00eetre. Un bien rare, conjuguant confort, lumi\u00e8re et nature \u00e0 seulement quelques minutes du centre-ville de [&hellip;]\" \/>\n<meta property=\"og:url\" content=\"https:\/\/www.sabimmo.eu\/fr\/properties\/house-fr\/bruxelles\/maison-a-vendre-auderghem-7307780\/\" \/>\n<meta property=\"og:site_name\" content=\"Sabimmo\" \/>\n<meta property=\"article:modified_time\" content=\"2026-04-30T23:02:49+00:00\" \/>\n<meta property=\"og:image\" content=\"https:\/\/www.sabimmo.eu\/wp-content\/uploads\/2025\/12\/e0cf5d5f900d4d7686bc6753f8e40194-scaled.jpg\" \/>\n\t<meta property=\"og:image:width\" content=\"1200\" \/>\n\t<meta property=\"og:image:height\" content=\"800\" \/>\n\t<meta property=\"og:image:type\" content=\"image\/jpeg\" \/>\n<meta name=\"twitter:card\" content=\"summary_large_image\" \/>\n<meta name=\"twitter:label1\" content=\"Dur\u00e9e de lecture estim\u00e9e\" \/>\n\t<meta name=\"twitter:data1\" content=\"2 minutes\" \/>\n<script type=\"application\/ld+json\" class=\"yoast-schema-graph\">{\"@context\":\"https:\\\/\\\/schema.org\",\"@graph\":[{\"@type\":\"WebPage\",\"@id\":\"https:\\\/\\\/www.sabimmo.eu\\\/fr\\\/properties\\\/house-fr\\\/bruxelles\\\/maison-a-vendre-auderghem-7307780\\\/\",\"url\":\"https:\\\/\\\/www.sabimmo.eu\\\/fr\\\/properties\\\/house-fr\\\/bruxelles\\\/maison-a-vendre-auderghem-7307780\\\/\",\"name\":\"Maison \u00e0 vendre - Auderghem (7307780) - Sabimmo\",\"isPartOf\":{\"@id\":\"https:\\\/\\\/www.sabimmo.eu\\\/fr\\\/#website\"},\"primaryImageOfPage\":{\"@id\":\"https:\\\/\\\/www.sabimmo.eu\\\/fr\\\/properties\\\/house-fr\\\/bruxelles\\\/maison-a-vendre-auderghem-7307780\\\/#primaryimage\"},\"image\":{\"@id\":\"https:\\\/\\\/www.sabimmo.eu\\\/fr\\\/properties\\\/house-fr\\\/bruxelles\\\/maison-a-vendre-auderghem-7307780\\\/#primaryimage\"},\"thumbnailUrl\":\"https:\\\/\\\/www.sabimmo.eu\\\/wp-content\\\/uploads\\\/2025\\\/12\\\/e0cf5d5f900d4d7686bc6753f8e40194-scaled.jpg\",\"datePublished\":\"2025-12-12T00:00:00+00:00\",\"dateModified\":\"2026-04-30T23:02:49+00:00\",\"breadcrumb\":{\"@id\":\"https:\\\/\\\/www.sabimmo.eu\\\/fr\\\/properties\\\/house-fr\\\/bruxelles\\\/maison-a-vendre-auderghem-7307780\\\/#breadcrumb\"},\"inLanguage\":\"fr-FR\",\"potentialAction\":[{\"@type\":\"ReadAction\",\"target\":[\"https:\\\/\\\/www.sabimmo.eu\\\/fr\\\/properties\\\/house-fr\\\/bruxelles\\\/maison-a-vendre-auderghem-7307780\\\/\"]}]},{\"@type\":\"ImageObject\",\"inLanguage\":\"fr-FR\",\"@id\":\"https:\\\/\\\/www.sabimmo.eu\\\/fr\\\/properties\\\/house-fr\\\/bruxelles\\\/maison-a-vendre-auderghem-7307780\\\/#primaryimage\",\"url\":\"https:\\\/\\\/www.sabimmo.eu\\\/wp-content\\\/uploads\\\/2025\\\/12\\\/e0cf5d5f900d4d7686bc6753f8e40194-scaled.jpg\",\"contentUrl\":\"https:\\\/\\\/www.sabimmo.eu\\\/wp-content\\\/uploads\\\/2025\\\/12\\\/e0cf5d5f900d4d7686bc6753f8e40194-scaled.jpg\",\"width\":1200,\"height\":800},{\"@type\":\"BreadcrumbList\",\"@id\":\"https:\\\/\\\/www.sabimmo.eu\\\/fr\\\/properties\\\/house-fr\\\/bruxelles\\\/maison-a-vendre-auderghem-7307780\\\/#breadcrumb\",\"itemListElement\":[{\"@type\":\"ListItem\",\"position\":1,\"name\":\"Accueil\",\"item\":\"https:\\\/\\\/www.sabimmo.eu\\\/fr\\\/\"},{\"@type\":\"ListItem\",\"position\":2,\"name\":\"Propri\u00e9t\u00e9s\",\"item\":\"https:\\\/\\\/www.sabimmo.eu\\\/fr\\\/properties\\\/\"},{\"@type\":\"ListItem\",\"position\":3,\"name\":\"Maison \u00e0 vendre &#8211; Auderghem (7307780)\"}]},{\"@type\":\"WebSite\",\"@id\":\"https:\\\/\\\/www.sabimmo.eu\\\/fr\\\/#website\",\"url\":\"https:\\\/\\\/www.sabimmo.eu\\\/fr\\\/\",\"name\":\"Sabimmo\",\"description\":\"Expertises, ventes, locations, gestion et conseils immobiliers\",\"alternateName\":\"Sabimmo\",\"potentialAction\":[{\"@type\":\"SearchAction\",\"target\":{\"@type\":\"EntryPoint\",\"urlTemplate\":\"https:\\\/\\\/www.sabimmo.eu\\\/fr\\\/?s={search_term_string}\"},\"query-input\":{\"@type\":\"PropertyValueSpecification\",\"valueRequired\":true,\"valueName\":\"search_term_string\"}}],\"inLanguage\":\"fr-FR\"}]}<\/script>\n<!-- \/ Yoast SEO plugin. -->","yoast_head_json":{"title":"Maison \u00e0 vendre - Auderghem (7307780) - Sabimmo","robots":{"index":"index","follow":"follow","max-snippet":"max-snippet:-1","max-image-preview":"max-image-preview:large","max-video-preview":"max-video-preview:-1"},"canonical":"https:\/\/www.sabimmo.eu\/\/fr\/wp-json\/wp\/v2\/estate\/50537","og_locale":"fr_FR","og_type":"article","og_title":"Maison \u00e0 vendre - Auderghem (7307780) - Sabimmo","og_description":"Maison d\u2019architecte moderne et atypique face au Rouge-Clo\u00eetre Nich\u00e9e dans un \u00e9crin de verdure \u00e0 Auderghem, cette maison d\u2019architecte de style moderniste vous s\u00e9duira par son architecture unique, ses volumes g\u00e9n\u00e9reux et sa vue spectaculaire sur le parc du Rouge-Clo\u00eetre. Un bien rare, conjuguant confort, lumi\u00e8re et nature \u00e0 seulement quelques minutes du centre-ville de [&hellip;]","og_url":"https:\/\/www.sabimmo.eu\/fr\/properties\/house-fr\/bruxelles\/maison-a-vendre-auderghem-7307780\/","og_site_name":"Sabimmo","article_modified_time":"2026-04-30T23:02:49+00:00","og_image":[{"width":1200,"height":800,"url":"https:\/\/www.sabimmo.eu\/wp-content\/uploads\/2025\/12\/e0cf5d5f900d4d7686bc6753f8e40194-scaled.jpg","type":"image\/jpeg"}],"twitter_card":"summary_large_image","twitter_misc":{"Dur\u00e9e de lecture estim\u00e9e":"2 minutes"},"schema":{"@context":"https:\/\/schema.org","@graph":[{"@type":"WebPage","@id":"https:\/\/www.sabimmo.eu\/fr\/properties\/house-fr\/bruxelles\/maison-a-vendre-auderghem-7307780\/","url":"https:\/\/www.sabimmo.eu\/fr\/properties\/house-fr\/bruxelles\/maison-a-vendre-auderghem-7307780\/","name":"Maison \u00e0 vendre - Auderghem (7307780) - Sabimmo","isPartOf":{"@id":"https:\/\/www.sabimmo.eu\/fr\/#website"},"primaryImageOfPage":{"@id":"https:\/\/www.sabimmo.eu\/fr\/properties\/house-fr\/bruxelles\/maison-a-vendre-auderghem-7307780\/#primaryimage"},"image":{"@id":"https:\/\/www.sabimmo.eu\/fr\/properties\/house-fr\/bruxelles\/maison-a-vendre-auderghem-7307780\/#primaryimage"},"thumbnailUrl":"https:\/\/www.sabimmo.eu\/wp-content\/uploads\/2025\/12\/e0cf5d5f900d4d7686bc6753f8e40194-scaled.jpg","datePublished":"2025-12-12T00:00:00+00:00","dateModified":"2026-04-30T23:02:49+00:00","breadcrumb":{"@id":"https:\/\/www.sabimmo.eu\/fr\/properties\/house-fr\/bruxelles\/maison-a-vendre-auderghem-7307780\/#breadcrumb"},"inLanguage":"fr-FR","potentialAction":[{"@type":"ReadAction","target":["https:\/\/www.sabimmo.eu\/fr\/properties\/house-fr\/bruxelles\/maison-a-vendre-auderghem-7307780\/"]}]},{"@type":"ImageObject","inLanguage":"fr-FR","@id":"https:\/\/www.sabimmo.eu\/fr\/properties\/house-fr\/bruxelles\/maison-a-vendre-auderghem-7307780\/#primaryimage","url":"https:\/\/www.sabimmo.eu\/wp-content\/uploads\/2025\/12\/e0cf5d5f900d4d7686bc6753f8e40194-scaled.jpg","contentUrl":"https:\/\/www.sabimmo.eu\/wp-content\/uploads\/2025\/12\/e0cf5d5f900d4d7686bc6753f8e40194-scaled.jpg","width":1200,"height":800},{"@type":"BreadcrumbList","@id":"https:\/\/www.sabimmo.eu\/fr\/properties\/house-fr\/bruxelles\/maison-a-vendre-auderghem-7307780\/#breadcrumb","itemListElement":[{"@type":"ListItem","position":1,"name":"Accueil","item":"https:\/\/www.sabimmo.eu\/fr\/"},{"@type":"ListItem","position":2,"name":"Propri\u00e9t\u00e9s","item":"https:\/\/www.sabimmo.eu\/fr\/properties\/"},{"@type":"ListItem","position":3,"name":"Maison \u00e0 vendre &#8211; Auderghem (7307780)"}]},{"@type":"WebSite","@id":"https:\/\/www.sabimmo.eu\/fr\/#website","url":"https:\/\/www.sabimmo.eu\/fr\/","name":"Sabimmo","description":"Expertises, ventes, locations, gestion et conseils immobiliers","alternateName":"Sabimmo","potentialAction":[{"@type":"SearchAction","target":{"@type":"EntryPoint","urlTemplate":"https:\/\/www.sabimmo.eu\/fr\/?s={search_term_string}"},"query-input":{"@type":"PropertyValueSpecification","valueRequired":true,"valueName":"search_term_string"}}],"inLanguage":"fr-FR"}]}},"_links":{"self":[{"href":"https:\/\/www.sabimmo.eu\/fr\/wp-json\/wp\/v2\/estate\/50537","targetHints":{"allow":["GET"]}}],"collection":[{"href":"https:\/\/www.sabimmo.eu\/fr\/wp-json\/wp\/v2\/estate"}],"about":[{"href":"https:\/\/www.sabimmo.eu\/fr\/wp-json\/wp\/v2\/types\/estate"}],"author":[{"embeddable":true,"href":"https:\/\/www.sabimmo.eu\/fr\/wp-json\/wp\/v2\/users\/13"}],"wp:featuredmedia":[{"embeddable":true,"href":"https:\/\/www.sabimmo.eu\/fr\/wp-json\/wp\/v2\/media\/50543"}],"wp:attachment":[{"href":"https:\/\/www.sabimmo.eu\/fr\/wp-json\/wp\/v2\/media?parent=50537"}],"curies":[{"name":"wp","href":"https:\/\/api.w.org\/{rel}","templated":true}]}}